{"id":1895,"date":"2022-05-03T14:05:07","date_gmt":"2022-05-03T14:05:07","guid":{"rendered":"https:\/\/www.bigband-dev.fr\/?page_id=1895"},"modified":"2022-12-13T13:26:17","modified_gmt":"2022-12-13T13:26:17","slug":"salle-des-fetes","status":"publish","type":"page","link":"https:\/\/www.loisy-sur-marne.fr\/index.php\/salle-des-fetes\/","title":{"rendered":"Salle des F\u00eates"},"content":{"rendered":"\t\t<div data-elementor-type=\"wp-page\" data-elementor-id=\"1895\" class=\"elementor elementor-1895\">\n\t\t\t\t\t\t<section class=\"elementor-section elementor-top-section elementor-element elementor-element-73a63ee elementor-section-boxed elementor-section-height-default elementor-section-height-default\" data-id=\"73a63ee\" data-element_type=\"section\" data-e-type=\"section\">\n\t\t\t\t\t\t<div class=\"elementor-container elementor-column-gap-default\">\n\t\t\t\t\t<div class=\"elementor-column elementor-col-100 elementor-top-column elementor-element elementor-element-b195409\" data-id=\"b195409\" data-element_type=\"column\" data-e-type=\"column\">\n\t\t\t<div class=\"elementor-widget-wrap elementor-element-populated\">\n\t\t\t\t\t\t<div class=\"elementor-element elementor-element-dd3b5ad elementor-widget elementor-widget-heading\" data-id=\"dd3b5ad\" data-element_type=\"widget\" data-e-type=\"widget\" data-widget_type=\"heading.default\">\n\t\t\t\t<div class=\"elementor-widget-container\">\n\t\t\t\t\t<h2 class=\"elementor-heading-title elementor-size-default\">R\u00e9servation de la salle des F\u00eates<\/h2>\t\t\t\t<\/div>\n\t\t\t\t<\/div>\n\t\t\t\t\t<\/div>\n\t\t<\/div>\n\t\t\t\t\t<\/div>\n\t\t<\/section>\n\t\t\t\t<section class=\"elementor-section elementor-top-section elementor-element elementor-element-6e15553 elementor-section-boxed elementor-section-height-default elementor-section-height-default\" data-id=\"6e15553\" data-element_type=\"section\" data-e-type=\"section\">\n\t\t\t\t\t\t<div class=\"elementor-container elementor-column-gap-default\">\n\t\t\t\t\t<div class=\"elementor-column elementor-col-100 elementor-top-column elementor-element elementor-element-58719a3\" data-id=\"58719a3\" data-element_type=\"column\" data-e-type=\"column\">\n\t\t\t<div class=\"elementor-widget-wrap elementor-element-populated\">\n\t\t\t\t\t\t<div class=\"elementor-element elementor-element-a93e5b6 elementor-widget elementor-widget-spacer\" data-id=\"a93e5b6\" data-element_type=\"widget\" data-e-type=\"widget\" data-widget_type=\"spacer.default\">\n\t\t\t\t<div class=\"elementor-widget-container\">\n\t\t\t\t\t\t\t<div class=\"elementor-spacer\">\n\t\t\t<div class=\"elementor-spacer-inner\"><\/div>\n\t\t<\/div>\n\t\t\t\t\t\t<\/div>\n\t\t\t\t<\/div>\n\t\t\t\t\t<\/div>\n\t\t<\/div>\n\t\t\t\t\t<\/div>\n\t\t<\/section>\n\t\t\t\t<section class=\"elementor-section elementor-top-section elementor-element elementor-element-0f1a89f elementor-section-boxed elementor-section-height-default elementor-section-height-default\" data-id=\"0f1a89f\" data-element_type=\"section\" data-e-type=\"section\">\n\t\t\t\t\t\t<div class=\"elementor-container elementor-column-gap-default\">\n\t\t\t\t\t<div class=\"elementor-column elementor-col-50 elementor-top-column elementor-element elementor-element-d2507e1\" data-id=\"d2507e1\" data-element_type=\"column\" data-e-type=\"column\">\n\t\t\t<div class=\"elementor-widget-wrap elementor-element-populated\">\n\t\t\t\t\t\t<div class=\"elementor-element elementor-element-f9c3fee elementor-widget elementor-widget-text-editor\" data-id=\"f9c3fee\" data-element_type=\"widget\" data-e-type=\"widget\" data-widget_type=\"text-editor.default\">\n\t\t\t\t<div class=\"elementor-widget-container\">\n\t\t\t\t\t\t\t\t\t<p>La salle des f\u00eates, qui a \u00e9t\u00e9 r\u00e9cemment r\u00e9nov\u00e9e, peut contenir jusqu&rsquo;\u00e0 300 personnes.<\/p><p>N&rsquo;h\u00e9sitez pas \u00e0 appeler la mairie afin de r\u00e9server ou d&rsquo;obtenir des renseignements.<\/p><p>\u00a0<\/p><p>\u00a0<\/p><p>\u00a0<\/p><h1 class=\"elementor-icon-box-title\" style=\"font-weight: var( --e-global-typography-primary-font-weight ); font-family: var( --e-global-typography-primary-font-family ), Sans-serif; color: var( --e-global-color-primary ); text-align: center;\">Mairie<\/h1><h3 class=\"elementor-icon-box-description\" style=\"font-family: var( --e-global-typography-text-font-family ), Sans-serif; color: var( --e-global-color-text ); text-align: center;\">03 26 72 03 17<\/h3>\t\t\t\t\t\t\t\t<\/div>\n\t\t\t\t<\/div>\n\t\t\t\t\t<\/div>\n\t\t<\/div>\n\t\t\t\t<div class=\"elementor-column elementor-col-50 elementor-top-column elementor-element elementor-element-d87c698\" data-id=\"d87c698\" data-element_type=\"column\" data-e-type=\"column\">\n\t\t\t<div class=\"elementor-widget-wrap elementor-element-populated\">\n\t\t\t\t\t\t<div class=\"elementor-element elementor-element-8de1c66 elementor-invisible elementor-widget elementor-widget-image\" data-id=\"8de1c66\" data-element_type=\"widget\" data-e-type=\"widget\" data-settings=\"{&quot;_animation&quot;:&quot;slideInRight&quot;}\" data-widget_type=\"image.default\">\n\t\t\t\t<div class=\"elementor-widget-container\">\n\t\t\t\t\t\t\t\t\t\t\t\t\t\t\t<img fetchpriority=\"high\" decoding=\"async\" width=\"525\" height=\"332\" src=\"https:\/\/www.loisy-sur-marne.fr\/wp-content\/uploads\/2022\/11\/IMG20221129102636_-1024x647.jpg\" class=\"attachment-large size-large wp-image-2423\" alt=\"\" srcset=\"https:\/\/www.loisy-sur-marne.fr\/wp-content\/uploads\/2022\/11\/IMG20221129102636_-1024x647.jpg 1024w, https:\/\/www.loisy-sur-marne.fr\/wp-content\/uploads\/2022\/11\/IMG20221129102636_-300x190.jpg 300w, https:\/\/www.loisy-sur-marne.fr\/wp-content\/uploads\/2022\/11\/IMG20221129102636_-768x486.jpg 768w, https:\/\/www.loisy-sur-marne.fr\/wp-content\/uploads\/2022\/11\/IMG20221129102636_-1536x971.jpg 1536w, https:\/\/www.loisy-sur-marne.fr\/wp-content\/uploads\/2022\/11\/IMG20221129102636_.jpg 1920w\" sizes=\"(max-width: 525px) 100vw, 525px\" \/>\t\t\t\t\t\t\t\t\t\t\t\t\t\t\t<\/div>\n\t\t\t\t<\/div>\n\t\t\t\t\t<\/div>\n\t\t<\/div>\n\t\t\t\t\t<\/div>\n\t\t<\/section>\n\t\t\t\t<\/div>\n\t\t","protected":false},"excerpt":{"rendered":"<p>R\u00e9servation de la salle des F\u00eates La salle des f\u00eates, qui a \u00e9t\u00e9 r\u00e9cemment r\u00e9nov\u00e9e, peut contenir jusqu&rsquo;\u00e0 300 personnes. N&rsquo;h\u00e9sitez pas \u00e0 appeler la mairie afin de r\u00e9server ou [&hellip;]<\/p>\n","protected":false},"author":1,"featured_media":0,"parent":0,"menu_order":0,"comment_status":"closed","ping_status":"closed","template":"","meta":{"footnotes":""},"class_list":["post-1895","page","type-page","status-publish","hentry"],"_links":{"self":[{"href":"https:\/\/www.loisy-sur-marne.fr\/index.php\/wp-json\/wp\/v2\/pages\/1895","targetHints":{"allow":["GET"]}}],"collection":[{"href":"https:\/\/www.loisy-sur-marne.fr\/index.php\/wp-json\/wp\/v2\/pages"}],"about":[{"href":"https:\/\/www.loisy-sur-marne.fr\/index.php\/wp-json\/wp\/v2\/types\/page"}],"author":[{"embeddable":true,"href":"https:\/\/www.loisy-sur-marne.fr\/index.php\/wp-json\/wp\/v2\/users\/1"}],"replies":[{"embeddable":true,"href":"https:\/\/www.loisy-sur-marne.fr\/index.php\/wp-json\/wp\/v2\/comments?post=1895"}],"version-history":[{"count":19,"href":"https:\/\/www.loisy-sur-marne.fr\/index.php\/wp-json\/wp\/v2\/pages\/1895\/revisions"}],"predecessor-version":[{"id":2443,"href":"https:\/\/www.loisy-sur-marne.fr\/index.php\/wp-json\/wp\/v2\/pages\/1895\/revisions\/2443"}],"wp:attachment":[{"href":"https:\/\/www.loisy-sur-marne.fr\/index.php\/wp-json\/wp\/v2\/media?parent=1895"}],"curies":[{"name":"wp","href":"https:\/\/api.w.org\/{rel}","templated":true}]}}